	{"id":3540,"date":"2016-09-07T13:41:12","date_gmt":"2016-09-07T13:41:12","guid":{"rendered":"http:\/\/crc.umontreal.ca\/test\/?page_id=3540"},"modified":"2018-08-15T09:10:48","modified_gmt":"2018-08-15T14:10:48","slug":"associes-2","status":"publish","type":"page","link":"https:\/\/crc.umontreal.ca\/en\/associes-2\/","title":{"rendered":"RESEARCH FELLOWS"},"content":{"rendered":"<div class=\"wpb-content-wrapper\"><p>[vc_row][vc_column][vc_custom_heading text=&#8221;RESEARCH FELLOWS&#8221; font_container=&#8221;tag:h3|text_align:left&#8221; google_fonts=&#8221;font_family:Open%20Sans%20Condensed%3A300%2C300italic%2C700|font_style:700%20bold%20regular%3A700%3Anormal&#8221;][vc_column_text]<link href=\"https:\/\/fonts.googleapis.com\/icon?family=Material+Icons\" rel=\"stylesheet\">\n  <style> \n  .image_v {\n  \tfloat: left;\n  \twidth:50% ;\n  }\n  .texte_v {\n  \tfloat: left;\n  \twidth:50% ;\n  }\n  <\/style><div class='masonry' data-masonry='{ \"itemSelector\": \".vignette_membre\", \"columnWidth\": 320, \"fitWidth\": true }'><div class='vignette_membre'><div class='image_h' style='margin:8px;'><a href='https:\/\/crc.umontreal.ca\/en\/associe\/paolo-amaldi\/'><img loading=\"lazy\" decoding=\"async\" width=\"286\" height=\"286\" src=\"https:\/\/crc.umontreal.ca\/wp-content\/uploads\/bfi_thumb\/paolo-amaldi-n0n600gzx89bekgb3b0uyyp0izulv0ryzdp56hexxg.jpg\" class=\"attachment-post-thumbnail size-post-thumbnail wp-post-image\" alt=\"\" srcset=\"https:\/\/crc.umontreal.ca\/wp-content\/uploads\/2016\/11\/paolo-amaldi.jpg 286w, https:\/\/crc.umontreal.ca\/wp-content\/uploads\/2016\/11\/paolo-amaldi-300x300.jpg 300w, https:\/\/crc.umontreal.ca\/wp-content\/uploads\/2016\/11\/paolo-amaldi-1030x1030.jpg 1030w, https:\/\/crc.umontreal.ca\/wp-content\/uploads\/2016\/11\/paolo-amaldi-80x80.jpg 80w, https:\/\/crc.umontreal.ca\/wp-content\/uploads\/2016\/11\/paolo-amaldi-768x768.jpg 768w, https:\/\/crc.umontreal.ca\/wp-content\/uploads\/2016\/11\/paolo-amaldi-1536x1536.jpg 1536w, https:\/\/crc.umontreal.ca\/wp-content\/uploads\/2016\/11\/paolo-amaldi-2048x2048.jpg 2048w, https:\/\/crc.umontreal.ca\/wp-content\/uploads\/2016\/11\/paolo-amaldi-36x36.jpg 36w, https:\/\/crc.umontreal.ca\/wp-content\/uploads\/2016\/11\/paolo-amaldi-180x180.jpg 180w, https:\/\/crc.umontreal.ca\/wp-content\/uploads\/2016\/11\/paolo-amaldi-1500x1500.jpg 1500w, https:\/\/crc.umontreal.ca\/wp-content\/uploads\/2016\/11\/paolo-amaldi-705x705.jpg 705w, https:\/\/crc.umontreal.ca\/wp-content\/uploads\/2016\/11\/paolo-amaldi-225x225.jpg 225w, https:\/\/crc.umontreal.ca\/wp-content\/uploads\/2016\/11\/paolo-amaldi-135x135.jpg 135w\" sizes=\"auto, (max-width: 286px) 100vw, 286px\" \/><\/a><\/div><div class='texte_h' style='max-width:286px;padding-left:8px;'><h4 style='margin-bottom:0px;width:100%;text-align:center;'><a style='width:100%;text-align:center;' href='https:\/\/crc.umontreal.ca\/en\/associe\/paolo-amaldi\/' >Paolo Amaldi<\/a><\/h4><h5 style='margin-bottom:0px;width:100%;text-align:center;padding-bottom:10px;'>\u00c9cole Nationale Sup\u00e9rieure d'Architecture de Versailles<\/h5><div>Full professor<\/div><table style='border:0px;margin:0px;'><tr><td style='padding:0px;border:0px;width:25px;'><i style='font-size:14px;margin-top:4px;' class='material-icons'>school<\/i><\/td><td style='padding:0px;border:0px;vertical-align:top;'>PhD, Architecte EPFL<\/td><\/tr><tr><td style='padding:0px;border:0px;width:25px;'><i style='font-size:14px;margin-top:4px;' class='material-icons'>mail<\/i><\/td><td style='padding:0px;border:0px;vertical-align:top;'><a href='mailto:mail@amaldi-neder.com'>mail@amaldi-neder.com<\/a><\/td><\/tr><\/table><\/div><\/div><div class='vignette_membre'><div class='image_h' style='margin:8px;'><a href='https:\/\/crc.umontreal.ca\/en\/associe\/fabiano-sobreira\/'><img loading=\"lazy\" decoding=\"async\" width=\"286\" height=\"286\" src=\"https:\/\/crc.umontreal.ca\/wp-content\/uploads\/bfi_thumb\/equipemencaohonrosasobreira-copie-n0sra4etd3mwoz2owh61jfliq4p63pbukaisbhjb5w.jpg\" class=\"attachment-post-thumbnail size-post-thumbnail wp-post-image\" alt=\"\" srcset=\"https:\/\/crc.umontreal.ca\/wp-content\/uploads\/2016\/12\/equipemencaohonrosasobreira-copie.jpg 286w, https:\/\/crc.umontreal.ca\/wp-content\/uploads\/2016\/12\/equipemencaohonrosasobreira-copie-300x300.jpg 300w, https:\/\/crc.umontreal.ca\/wp-content\/uploads\/2016\/12\/equipemencaohonrosasobreira-copie-1030x1030.jpg 1030w, https:\/\/crc.umontreal.ca\/wp-content\/uploads\/2016\/12\/equipemencaohonrosasobreira-copie-80x80.jpg 80w, https:\/\/crc.umontreal.ca\/wp-content\/uploads\/2016\/12\/equipemencaohonrosasobreira-copie-768x768.jpg 768w, https:\/\/crc.umontreal.ca\/wp-content\/uploads\/2016\/12\/equipemencaohonrosasobreira-copie-1536x1536.jpg 1536w, https:\/\/crc.umontreal.ca\/wp-content\/uploads\/2016\/12\/equipemencaohonrosasobreira-copie-2048x2048.jpg 2048w, https:\/\/crc.umontreal.ca\/wp-content\/uploads\/2016\/12\/equipemencaohonrosasobreira-copie-36x36.jpg 36w, https:\/\/crc.umontreal.ca\/wp-content\/uploads\/2016\/12\/equipemencaohonrosasobreira-copie-180x180.jpg 180w, https:\/\/crc.umontreal.ca\/wp-content\/uploads\/2016\/12\/equipemencaohonrosasobreira-copie-1500x1500.jpg 1500w, https:\/\/crc.umontreal.ca\/wp-content\/uploads\/2016\/12\/equipemencaohonrosasobreira-copie-705x705.jpg 705w, https:\/\/crc.umontreal.ca\/wp-content\/uploads\/2016\/12\/equipemencaohonrosasobreira-copie-225x225.jpg 225w, https:\/\/crc.umontreal.ca\/wp-content\/uploads\/2016\/12\/equipemencaohonrosasobreira-copie-135x135.jpg 135w\" sizes=\"auto, (max-width: 286px) 100vw, 286px\" \/><\/a><\/div><div class='texte_h' style='max-width:286px;padding-left:8px;'><h4 style='margin-bottom:0px;width:100%;text-align:center;'><a style='width:100%;text-align:center;' href='https:\/\/crc.umontreal.ca\/en\/associe\/fabiano-sobreira\/' >Fabiano Sobreira<\/a><\/h4><h5 style='margin-bottom:0px;width:100%;text-align:center;padding-bottom:10px;'>Parlement Br\u00e9silien<\/h5><div>Parliamentary architecture supervisor<\/div><table style='border:0px;margin:0px;'><\/table><\/div><\/div><div class='vignette_membre'><div class='image_h' style='margin:8px;'><a href='https:\/\/crc.umontreal.ca\/en\/associe\/lea-catherine-szacka\/'><img loading=\"lazy\" decoding=\"async\" width=\"286\" height=\"286\" src=\"https:\/\/crc.umontreal.ca\/wp-content\/uploads\/bfi_thumb\/LCS-1-n0sqyky5gbu65bu6ahkxxcfs5tkxlhihn66676nbk4.jpg\" class=\"attachment-post-thumbnail size-post-thumbnail wp-post-image\" alt=\"\" srcset=\"https:\/\/crc.umontreal.ca\/wp-content\/uploads\/2016\/12\/LCS-1.jpg 286w, https:\/\/crc.umontreal.ca\/wp-content\/uploads\/2016\/12\/LCS-1-300x300.jpg 300w, https:\/\/crc.umontreal.ca\/wp-content\/uploads\/2016\/12\/LCS-1-1030x1030.jpg 1030w, https:\/\/crc.umontreal.ca\/wp-content\/uploads\/2016\/12\/LCS-1-80x80.jpg 80w, https:\/\/crc.umontreal.ca\/wp-content\/uploads\/2016\/12\/LCS-1-768x768.jpg 768w, https:\/\/crc.umontreal.ca\/wp-content\/uploads\/2016\/12\/LCS-1-1536x1536.jpg 1536w, https:\/\/crc.umontreal.ca\/wp-content\/uploads\/2016\/12\/LCS-1-2048x2048.jpg 2048w, https:\/\/crc.umontreal.ca\/wp-content\/uploads\/2016\/12\/LCS-1-36x36.jpg 36w, https:\/\/crc.umontreal.ca\/wp-content\/uploads\/2016\/12\/LCS-1-180x180.jpg 180w, https:\/\/crc.umontreal.ca\/wp-content\/uploads\/2016\/12\/LCS-1-1500x1500.jpg 1500w, https:\/\/crc.umontreal.ca\/wp-content\/uploads\/2016\/12\/LCS-1-705x705.jpg 705w, https:\/\/crc.umontreal.ca\/wp-content\/uploads\/2016\/12\/LCS-1-225x225.jpg 225w, https:\/\/crc.umontreal.ca\/wp-content\/uploads\/2016\/12\/LCS-1-135x135.jpg 135w\" sizes=\"auto, (max-width: 286px) 100vw, 286px\" \/><\/a><\/div><div class='texte_h' style='max-width:286px;padding-left:8px;'><h4 style='margin-bottom:0px;width:100%;text-align:center;'><a style='width:100%;text-align:center;' href='https:\/\/crc.umontreal.ca\/en\/associe\/lea-catherine-szacka\/' >L\u00e9a-Catherine Szacka<\/a><\/h4><h5 style='margin-bottom:0px;width:100%;text-align:center;padding-bottom:10px;'>Manchester School of Architecture<\/h5><div>Lecturer in Architectural Studiers<\/div><table style='border:0px;margin:0px;'><tr><td style='padding:0px;border:0px;width:25px;'><i style='font-size:14px;margin-top:4px;' class='material-icons'>school<\/i><\/td><td style='padding:0px;border:0px;vertical-align:top;'>PhD Arch, M.Arch, B.Sc Arch<\/td><\/tr><tr><td style='padding:0px;border:0px;width:25px;'><i style='font-size:14px;margin-top:4px;' class='material-icons'>mail<\/i><\/td><td style='padding:0px;border:0px;vertical-align:top;'><a href='mailto:lcszacka@gmail.com'>lcszacka@gmail.com<\/a><\/td><\/tr><tr><td style='padding:0px;border:0px;;width:25px;'><i style='font-size:14px;padding-right:10px;margin-top:4px;' class='material-icons'>person_pin<\/i><\/td><td style='padding:0px;vertical-align:top;border:0px;'>Manchester School of Architecture      Manchester Architecture Research Group, University of Manchester<\/td><\/tr><\/table><\/div><\/div><div class='vignette_membre'><div class='image_h' style='margin:8px;'><a href='https:\/\/crc.umontreal.ca\/en\/associe\/bechara-helal\/'><img loading=\"lazy\" decoding=\"async\" width=\"286\" height=\"286\" src=\"https:\/\/crc.umontreal.ca\/wp-content\/uploads\/bfi_thumb\/bechara-nufjkabrxi258k0gmmch07eizd78qkiyg27v8op1l0.jpg\" class=\"attachment-post-thumbnail size-post-thumbnail\" alt=\"\" srcset=\"https:\/\/crc.umontreal.ca\/wp-content\/uploads\/2018\/08\/bechara.jpg 286w, https:\/\/crc.umontreal.ca\/wp-content\/uploads\/2018\/08\/bechara-300x300.jpg 300w, https:\/\/crc.umontreal.ca\/wp-content\/uploads\/2018\/08\/bechara-1030x1030.jpg 1030w, https:\/\/crc.umontreal.ca\/wp-content\/uploads\/2018\/08\/bechara-80x80.jpg 80w, https:\/\/crc.umontreal.ca\/wp-content\/uploads\/2018\/08\/bechara-768x768.jpg 768w, https:\/\/crc.umontreal.ca\/wp-content\/uploads\/2018\/08\/bechara-1536x1536.jpg 1536w, https:\/\/crc.umontreal.ca\/wp-content\/uploads\/2018\/08\/bechara-2048x2048.jpg 2048w, https:\/\/crc.umontreal.ca\/wp-content\/uploads\/2018\/08\/bechara-36x36.jpg 36w, https:\/\/crc.umontreal.ca\/wp-content\/uploads\/2018\/08\/bechara-180x180.jpg 180w, https:\/\/crc.umontreal.ca\/wp-content\/uploads\/2018\/08\/bechara-1500x1500.jpg 1500w, https:\/\/crc.umontreal.ca\/wp-content\/uploads\/2018\/08\/bechara-705x705.jpg 705w\" sizes=\"auto, (max-width: 286px) 100vw, 286px\" \/><\/a><\/div><div class='texte_h' style='max-width:286px;padding-left:8px;'><h4 style='margin-bottom:0px;width:100%;text-align:center;'><a style='width:100%;text-align:center;' href='https:\/\/crc.umontreal.ca\/en\/associe\/bechara-helal\/' >Bechara Helal<\/a><\/h4><h5 style='margin-bottom:0px;width:100%;text-align:center;padding-bottom:10px;'>Universit\u00e9 de Montr\u00e9al<\/h5><div>Docteur, Ph.D. architecture<\/div><table style='border:0px;margin:0px;'><tr><td style='padding:0px;border:0px;width:25px;'><i style='font-size:14px;margin-top:4px;' class='material-icons'>school<\/i><\/td><td style='padding:0px;border:0px;vertical-align:top;'>Docteur, Ph.D. architecture<\/td><\/tr><tr><td style='padding:0px;border:0px;width:25px;'><i style='font-size:14px;margin-top:4px;' class='material-icons'>mail<\/i><\/td><td style='padding:0px;border:0px;vertical-align:top;'><a href='mailto:bechara.helal@umontreal.ca'>bechara.helal@umontreal.ca<\/a><\/td><\/tr><tr><td style='padding:0px;border:0px;;width:25px;'><i style='font-size:14px;padding-right:10px;margin-top:4px;' class='material-icons'>person_pin<\/i><\/td><td style='padding:0px;vertical-align:top;border:0px;'>Universit\u00e9 de Montr\u00e9al, Facult\u00e9 de l'Am\u00e9nagement, 2940 Chemin de la C\u00f4te-Sainte-Catherine, local 2069, Montr\u00e9al, QC, Canada, H3T 1B9<\/td><\/tr><tr><td style='padding:0px;border:0px;width:25px;'><i style='font-size:14px;margin-top:4px;' class='material-icons'>phone<\/i><\/td><td style='padding:0px;border:0px;vertical-align:top;'>514-343-6111 poste 1095<\/td><\/tr><\/table><\/div><\/div><div class='vignette_membre'><div class='image_h' style='margin:8px;'><a href='https:\/\/crc.umontreal.ca\/en\/associe\/jonathan-lachance\/'><img loading=\"lazy\" decoding=\"async\" width=\"286\" height=\"286\" src=\"https:\/\/crc.umontreal.ca\/wp-content\/uploads\/bfi_thumb\/jonathan-nufjk9dxqo0uwy1ts3xufpn2dzbvivf83xkdreqfr8.jpg\" class=\"attachment-post-thumbnail size-post-thumbnail\" alt=\"\" srcset=\"https:\/\/crc.umontreal.ca\/wp-content\/uploads\/2018\/08\/jonathan.jpg 286w, https:\/\/crc.umontreal.ca\/wp-content\/uploads\/2018\/08\/jonathan-300x300.jpg 300w, https:\/\/crc.umontreal.ca\/wp-content\/uploads\/2018\/08\/jonathan-1030x1030.jpg 1030w, https:\/\/crc.umontreal.ca\/wp-content\/uploads\/2018\/08\/jonathan-80x80.jpg 80w, https:\/\/crc.umontreal.ca\/wp-content\/uploads\/2018\/08\/jonathan-768x768.jpg 768w, https:\/\/crc.umontreal.ca\/wp-content\/uploads\/2018\/08\/jonathan-1536x1536.jpg 1536w, https:\/\/crc.umontreal.ca\/wp-content\/uploads\/2018\/08\/jonathan-2048x2048.jpg 2048w, https:\/\/crc.umontreal.ca\/wp-content\/uploads\/2018\/08\/jonathan-36x36.jpg 36w, https:\/\/crc.umontreal.ca\/wp-content\/uploads\/2018\/08\/jonathan-180x180.jpg 180w, https:\/\/crc.umontreal.ca\/wp-content\/uploads\/2018\/08\/jonathan-1500x1500.jpg 1500w, https:\/\/crc.umontreal.ca\/wp-content\/uploads\/2018\/08\/jonathan-705x705.jpg 705w\" sizes=\"auto, (max-width: 286px) 100vw, 286px\" \/><\/a><\/div><div class='texte_h' style='max-width:286px;padding-left:8px;'><h4 style='margin-bottom:0px;width:100%;text-align:center;'><a style='width:100%;text-align:center;' href='https:\/\/crc.umontreal.ca\/en\/associe\/jonathan-lachance\/' >Jonathan Lachance<\/a><\/h4><h5 style='margin-bottom:0px;width:100%;text-align:center;padding-bottom:10px;'>Universit\u00e9 du Qu\u00e9bec \u00e0 Montr\u00e9al<\/h5><div>Chercheur associ\u00e9, <\/div><table style='border:0px;margin:0px;'><tr><td style='padding:0px;border:0px;width:25px;'><i style='font-size:14px;margin-top:4px;' class='material-icons'>school<\/i><\/td><td style='padding:0px;border:0px;vertical-align:top;'>Ph. D. Histoire de L'art<\/td><\/tr><tr><td style='padding:0px;border:0px;width:25px;'><i style='font-size:14px;margin-top:4px;' class='material-icons'>mail<\/i><\/td><td style='padding:0px;border:0px;vertical-align:top;'><a href='mailto:lachance_jonathan@sympatico.ca'>lachance_jonathan@sympatico.ca<\/a><\/td><\/tr><\/table><\/div><\/div><div class='vignette_membre'><div class='image_h' style='margin:8px;'><a href='https:\/\/crc.umontreal.ca\/en\/associe\/louis-destombes\/'><img loading=\"lazy\" decoding=\"async\" width=\"286\" height=\"286\" src=\"https:\/\/crc.umontreal.ca\/wp-content\/uploads\/bfi_thumb\/louis-nufjk8g3jtzklc36xlj7v7vlslgib6bhrswwa4rtxg.jpg\" class=\"attachment-post-thumbnail size-post-thumbnail\" alt=\"\" srcset=\"https:\/\/crc.umontreal.ca\/wp-content\/uploads\/2018\/08\/louis.jpg 286w, https:\/\/crc.umontreal.ca\/wp-content\/uploads\/2018\/08\/louis-300x300.jpg 300w, https:\/\/crc.umontreal.ca\/wp-content\/uploads\/2018\/08\/louis-1030x1030.jpg 1030w, https:\/\/crc.umontreal.ca\/wp-content\/uploads\/2018\/08\/louis-80x80.jpg 80w, https:\/\/crc.umontreal.ca\/wp-content\/uploads\/2018\/08\/louis-768x768.jpg 768w, https:\/\/crc.umontreal.ca\/wp-content\/uploads\/2018\/08\/louis-1536x1536.jpg 1536w, https:\/\/crc.umontreal.ca\/wp-content\/uploads\/2018\/08\/louis-2048x2048.jpg 2048w, https:\/\/crc.umontreal.ca\/wp-content\/uploads\/2018\/08\/louis-36x36.jpg 36w, https:\/\/crc.umontreal.ca\/wp-content\/uploads\/2018\/08\/louis-180x180.jpg 180w, https:\/\/crc.umontreal.ca\/wp-content\/uploads\/2018\/08\/louis-1500x1500.jpg 1500w, https:\/\/crc.umontreal.ca\/wp-content\/uploads\/2018\/08\/louis-705x705.jpg 705w\" sizes=\"auto, (max-width: 286px) 100vw, 286px\" \/><\/a><\/div><div class='texte_h' style='max-width:286px;padding-left:8px;'><h4 style='margin-bottom:0px;width:100%;text-align:center;'><a style='width:100%;text-align:center;' href='https:\/\/crc.umontreal.ca\/en\/associe\/louis-destombes\/' >Louis Destombes<\/a><\/h4><h5 style='margin-bottom:0px;width:100%;text-align:center;padding-bottom:10px;'>Direction<\/h5><div>Bellastock France<\/div><table style='border:0px;margin:0px;'><tr><td style='padding:0px;border:0px;width:25px;'><i style='font-size:14px;margin-top:4px;' class='material-icons'>school<\/i><\/td><td style='padding:0px;border:0px;vertical-align:top;'>PhD arch., Architecte dipl\u00f4m\u00e9 d'\u00e9tat<\/td><\/tr><tr><td style='padding:0px;border:0px;width:25px;'><i style='font-size:14px;margin-top:4px;' class='material-icons'>mail<\/i><\/td><td style='padding:0px;border:0px;vertical-align:top;'><a href='mailto:destombeslouis@gmail.com'>destombeslouis@gmail.com<\/a><\/td><\/tr><\/table><\/div><\/div><\/div>[\/vc_column_text][\/vc_column][\/vc_row]<\/p>\n<\/div>","protected":false},"excerpt":{"rendered":"<p>[vc_row][vc_column][vc_custom_heading text=&#8221;RESEARCH FELLOWS&#8221; font_container=&#8221;tag:h3|text_align:left&#8221; google_fonts=&#8221;font_family:Open%20Sans%20Condensed%3A300%2C300italic%2C700|font_style:700%20bold%20regular%3A700%3Anormal&#8221;][vc_column_text][\/vc_column_text][\/vc_column][\/vc_row]<\/p>\n","protected":false},"author":1,"featured_media":0,"parent":0,"menu_order":0,"comment_status":"closed","ping_status":"closed","template":"templates\/page-full.php","meta":{"_acf_changed":false,"footnotes":""},"class_list":["post-3540","page","type-page","status-publish","hentry"],"translation":{"provider":"WPGlobus","version":"3.0.2","language":"en","enabled_languages":["fr","en"],"languages":{"fr":{"title":true,"content":true,"excerpt":false},"en":{"title":true,"content":true,"excerpt":false}}},"acf":[],"yoast_head":"<!-- This site is optimized with the Yoast SEO plugin v25.9 - https:\/\/yoast.com\/wordpress\/plugins\/seo\/ -->\n<title>RESEARCH FELLOWS - CANADA RESEARCH CHAIR IN ARCHITECTURE, COMPETITIONS and QUALITY<\/title>\n<meta name=\"robots\" content=\"index, follow, max-snippet:-1, max-image-preview:large, max-video-preview:-1\" \/>\n<link rel=\"canonical\" href=\"https:\/\/crc.umontreal.ca\/associes-2\/\" \/>\n<meta property=\"og:locale\" content=\"en_US\" \/>\n<meta property=\"og:type\" content=\"article\" \/>\n<meta property=\"og:title\" content=\"RESEARCH FELLOWS - CANADA RESEARCH CHAIR IN ARCHITECTURE, COMPETITIONS and QUALITY\" \/>\n<meta property=\"og:url\" content=\"https:\/\/crc.umontreal.ca\/associes-2\/\" \/>\n<meta property=\"og:site_name\" content=\"CANADA RESEARCH CHAIR IN ARCHITECTURE, COMPETITIONS and QUALITY\" \/>\n<meta property=\"article:modified_time\" content=\"2018-08-15T14:10:48+00:00\" \/>\n<meta name=\"twitter:card\" content=\"summary_large_image\" \/>\n<meta name=\"twitter:label1\" content=\"Est. reading time\" \/>\n\t<meta name=\"twitter:data1\" content=\"1 minute\" \/>\n<script type=\"application\/ld+json\" class=\"yoast-schema-graph\">{\"@context\":\"https:\/\/schema.org\",\"@graph\":[{\"@type\":\"WebPage\",\"@id\":\"https:\/\/crc.umontreal.ca\/associes-2\/\",\"url\":\"https:\/\/crc.umontreal.ca\/associes-2\/\",\"name\":\"RESEARCH FELLOWS - CANADA RESEARCH CHAIR IN ARCHITECTURE, COMPETITIONS and QUALITY\",\"isPartOf\":{\"@id\":\"https:\/\/crc.umontreal.ca\/#website\"},\"datePublished\":\"2016-09-07T13:41:12+00:00\",\"dateModified\":\"2018-08-15T14:10:48+00:00\",\"breadcrumb\":{\"@id\":\"https:\/\/crc.umontreal.ca\/associes-2\/#breadcrumb\"},\"inLanguage\":\"en-US\",\"potentialAction\":[{\"@type\":\"ReadAction\",\"target\":[\"https:\/\/crc.umontreal.ca\/associes-2\/\"]}]},{\"@type\":\"BreadcrumbList\",\"@id\":\"https:\/\/crc.umontreal.ca\/associes-2\/#breadcrumb\",\"itemListElement\":[{\"@type\":\"ListItem\",\"position\":1,\"name\":\"Accueil\",\"item\":\"https:\/\/crc.umontreal.ca\/\"},{\"@type\":\"ListItem\",\"position\":2,\"name\":\"CHERCHEUR(E)S ASSOCI\u00c9(E)S\"}]},{\"@type\":\"WebSite\",\"@id\":\"https:\/\/crc.umontreal.ca\/#website\",\"url\":\"https:\/\/crc.umontreal.ca\/\",\"name\":\"%%sitedesc%%\",\"description\":\"&lt;span class=&quot;titre_entete_div&quot;&gt;Canada Research Chair in&lt;\/span&gt;&lt;br&gt;&lt;span class=&quot;titre_entete_div&quot;&gt;Architecture, Competitions and Quality (CRC-ACQUA)&lt;\/span&gt;\",\"publisher\":{\"@id\":\"https:\/\/crc.umontreal.ca\/#organization\"},\"potentialAction\":[{\"@type\":\"SearchAction\",\"target\":{\"@type\":\"EntryPoint\",\"urlTemplate\":\"https:\/\/crc.umontreal.ca\/?s={search_term_string}\"},\"query-input\":{\"@type\":\"PropertyValueSpecification\",\"valueRequired\":true,\"valueName\":\"search_term_string\"}}],\"inLanguage\":\"en-US\"},{\"@type\":\"Organization\",\"@id\":\"https:\/\/crc.umontreal.ca\/#organization\",\"name\":\"%%sitedesc%%\",\"url\":\"https:\/\/crc.umontreal.ca\/\",\"logo\":{\"@type\":\"ImageObject\",\"inLanguage\":\"en-US\",\"@id\":\"https:\/\/crc.umontreal.ca\/#\/schema\/logo\/image\/\",\"url\":\"https:\/\/crc.umontreal.ca\/wp-content\/uploads\/2025\/10\/cropped-CRC_ACQUA.png\",\"contentUrl\":\"https:\/\/crc.umontreal.ca\/wp-content\/uploads\/2025\/10\/cropped-CRC_ACQUA.png\",\"width\":1099,\"height\":1099,\"caption\":\"%%sitedesc%%\"},\"image\":{\"@id\":\"https:\/\/crc.umontreal.ca\/#\/schema\/logo\/image\/\"}}]}<\/script>\n<!-- \/ Yoast SEO plugin. -->","yoast_head_json":{"title":"RESEARCH FELLOWS - CANADA RESEARCH CHAIR IN ARCHITECTURE, COMPETITIONS and QUALITY","robots":{"index":"index","follow":"follow","max-snippet":"max-snippet:-1","max-image-preview":"max-image-preview:large","max-video-preview":"max-video-preview:-1"},"canonical":"https:\/\/crc.umontreal.ca\/associes-2\/","og_locale":"en_US","og_type":"article","og_title":"RESEARCH FELLOWS - CANADA RESEARCH CHAIR IN ARCHITECTURE, COMPETITIONS and QUALITY","og_url":"https:\/\/crc.umontreal.ca\/associes-2\/","og_site_name":"CANADA RESEARCH CHAIR IN ARCHITECTURE, COMPETITIONS and QUALITY","article_modified_time":"2018-08-15T14:10:48+00:00","twitter_card":"summary_large_image","twitter_misc":{"Est. reading time":"1 minute"},"schema":{"@context":"https:\/\/schema.org","@graph":[{"@type":"WebPage","@id":"https:\/\/crc.umontreal.ca\/associes-2\/","url":"https:\/\/crc.umontreal.ca\/associes-2\/","name":"RESEARCH FELLOWS - CANADA RESEARCH CHAIR IN ARCHITECTURE, COMPETITIONS and QUALITY","isPartOf":{"@id":"https:\/\/crc.umontreal.ca\/#website"},"datePublished":"2016-09-07T13:41:12+00:00","dateModified":"2018-08-15T14:10:48+00:00","breadcrumb":{"@id":"https:\/\/crc.umontreal.ca\/associes-2\/#breadcrumb"},"inLanguage":"en-US","potentialAction":[{"@type":"ReadAction","target":["https:\/\/crc.umontreal.ca\/associes-2\/"]}]},{"@type":"BreadcrumbList","@id":"https:\/\/crc.umontreal.ca\/associes-2\/#breadcrumb","itemListElement":[{"@type":"ListItem","position":1,"name":"Accueil","item":"https:\/\/crc.umontreal.ca\/"},{"@type":"ListItem","position":2,"name":"CHERCHEUR(E)S ASSOCI\u00c9(E)S"}]},{"@type":"WebSite","@id":"https:\/\/crc.umontreal.ca\/#website","url":"https:\/\/crc.umontreal.ca\/","name":"%%sitedesc%%","description":"&lt;span class=&quot;titre_entete_div&quot;&gt;Canada Research Chair in&lt;\/span&gt;&lt;br&gt;&lt;span class=&quot;titre_entete_div&quot;&gt;Architecture, Competitions and Quality (CRC-ACQUA)&lt;\/span&gt;","publisher":{"@id":"https:\/\/crc.umontreal.ca\/#organization"},"potentialAction":[{"@type":"SearchAction","target":{"@type":"EntryPoint","urlTemplate":"https:\/\/crc.umontreal.ca\/?s={search_term_string}"},"query-input":{"@type":"PropertyValueSpecification","valueRequired":true,"valueName":"search_term_string"}}],"inLanguage":"en-US"},{"@type":"Organization","@id":"https:\/\/crc.umontreal.ca\/#organization","name":"%%sitedesc%%","url":"https:\/\/crc.umontreal.ca\/","logo":{"@type":"ImageObject","inLanguage":"en-US","@id":"https:\/\/crc.umontreal.ca\/#\/schema\/logo\/image\/","url":"https:\/\/crc.umontreal.ca\/wp-content\/uploads\/2025\/10\/cropped-CRC_ACQUA.png","contentUrl":"https:\/\/crc.umontreal.ca\/wp-content\/uploads\/2025\/10\/cropped-CRC_ACQUA.png","width":1099,"height":1099,"caption":"%%sitedesc%%"},"image":{"@id":"https:\/\/crc.umontreal.ca\/#\/schema\/logo\/image\/"}}]}},"_links":{"self":[{"href":"https:\/\/crc.umontreal.ca\/en\/wp-json\/wp\/v2\/pages\/3540","targetHints":{"allow":["GET"]}}],"collection":[{"href":"https:\/\/crc.umontreal.ca\/en\/wp-json\/wp\/v2\/pages"}],"about":[{"href":"https:\/\/crc.umontreal.ca\/en\/wp-json\/wp\/v2\/types\/page"}],"author":[{"embeddable":true,"href":"https:\/\/crc.umontreal.ca\/en\/wp-json\/wp\/v2\/users\/1"}],"replies":[{"embeddable":true,"href":"https:\/\/crc.umontreal.ca\/en\/wp-json\/wp\/v2\/comments?post=3540"}],"version-history":[{"count":37,"href":"https:\/\/crc.umontreal.ca\/en\/wp-json\/wp\/v2\/pages\/3540\/revisions"}],"predecessor-version":[{"id":19637,"href":"https:\/\/crc.umontreal.ca\/en\/wp-json\/wp\/v2\/pages\/3540\/revisions\/19637"}],"wp:attachment":[{"href":"https:\/\/crc.umontreal.ca\/en\/wp-json\/wp\/v2\/media?parent=3540"}],"curies":[{"name":"wp","href":"https:\/\/api.w.org\/{rel}","templated":true}]}}